{"id":62,"date":"2023-06-28T22:01:50","date_gmt":"2023-06-28T22:01:50","guid":{"rendered":"https:\/\/iberconceptos.es\/?page_id=62"},"modified":"2025-12-01T17:52:08","modified_gmt":"2025-12-01T17:52:08","slug":"grupo-temporalidad-experiencias-de-tiempo-en-los-siglos-xviii-y-xix","status":"publish","type":"page","link":"https:\/\/iberconceptos.es\/?page_id=62","title":{"rendered":"Grupo temporalidad.\u00a0Experiencias de tiempo en\u00a0Iberoam\u00e9rica (siglos XVIII-\u00a0XXI)"},"content":{"rendered":"\n<ol style=\"list-style-type:upper-alpha\" class=\"wp-block-list\">\n<li><strong><\/strong><strong>COORDINACI\u00d3N E INFORMACI\u00d3N DE CONTACTO<\/strong><\/li>\n<\/ol>\n\n\n\n<p><strong>Coordinador<\/strong>: Fabio Wasserman (Instituto Ravignani. Universidad de Buenos Aires \u2013 Conicet)<\/p>\n\n\n\n<p><strong>Email<\/strong>: <a href=\"mailto:fwasserm@gmail.com\">fwasserm@gmail.com<\/a><\/p>\n\n\n\n<p><strong>B. DESCRIPCI\u00d3N DEL GRUPO<\/strong><\/p>\n\n\n\n<p>La temporalidad ocupa un lugar cada vez m\u00e1s importante en la agenda de las ciencias humanas y sociales. Esto se puede apreciar en las numerosas publicaciones recientes sobre las formas de experimentar, percibir, representar y conceptualizar al tiempo, su naturaleza y sus ritmos, as\u00ed como las referidas a los v\u00ednculos entre pasado, presente y futuro, y las valoraciones que se hacen sobre cada una de estas dimensiones. La historia conceptual, y en particular la l\u00ednea desarrollada por Reinhart Koselleck, ocupa un lugar destacado dentro de este vasto campo de estudios. En diversos trabajos, el historiador alem\u00e1n sostuvo que la experiencia social en Occidente sufri\u00f3 cambios significativos entre mediados del siglo XVIII y mediados del XIX que hicieron posibles otros modos de concebir a la temporalidad. Mientras que las expectativas orientadas hacia el futuro se expandieron de manera in\u00e9dita, el pasado comenzaba a perder su capacidad para explicar y dotar de sentido a los nuevos fen\u00f3menos sociales y pol\u00edticos que caracterizaron a la <em>Era de las revoluciones<\/em>. En el marco de ese proceso signado por la aceleraci\u00f3n, se produjeron transformaciones conceptuales significativas que dieron forma a las nuevas modalidades de experimentar y de representar a la temporalidad, tal como se puede apreciar en algunos conceptos como <em>progreso<\/em>, <em>revoluci\u00f3n<\/em> e <em>historia<\/em>.<\/p>\n\n\n\n<p>Los resultados obtenidos en la primera fase del proyecto <em>Iberconceptos<\/em> que se volcaron en el <em>Diccionario pol\u00edtico y social del mundo iberoamericano<\/em>, permitieron corroborar la productividad de estas hip\u00f3tesis. Pero tambi\u00e9n pusieron en evidencia la necesidad de desarrollar una indagaci\u00f3n espec\u00edfica sobre la temporalidad en Iberoam\u00e9rica. A tales fines, en 2012 se constituy\u00f3 este equipo de investigaci\u00f3n <em>con el prop\u00f3sito de <\/em>documentar y analizar hist\u00f3ricamente el fen\u00f3meno de la temporalidad en los siglos XVIII y XIX. Tras una d\u00e9cada de labor en la que se produjeron importantes avances y resultados, decidimos ampliar nuestra indagaci\u00f3n apelando a otros enfoques, trabajando sobre otros corpus y extendiendo el per\u00edodo de an\u00e1lisis a los siglos XVII, XX y XXI. En relaci\u00f3n con esto \u00faltimo, cabe destacar que nuestro proyecto tambi\u00e9n se propuso participar en las discusiones sobre los cambios producidos en las \u00faltimas d\u00e9cadas en las formas de relacionarnos con la temporalidad.<\/p>\n\n\n\n<p><strong>C. ACTIVIDADES REALIZADAS<\/strong><\/p>\n\n\n\n<p>El equipo inici\u00f3 sus actividades en el <em>Col\u00f3quio Internacional Experiencias de tempo nos s\u00e9culos XVIII e XIX<\/em><em> <\/em><em>(<\/em>Universidade de S\u00e3o Paulo, 2014) donde discutimos los lineamientos generales del proyecto. Asimismo, varios miembros del equipo tambi\u00e9n presentaron trabajos en otras reuniones organizadas por <em>Iberconceptos<\/em><em> o vinculadas a esa red: <\/em><em>Seminario Internacional Geschichtliche Zeiten \/ Tempi Storici \/ Tiempos Hist\u00f3ricos: Temporalidad e Historicidad desde la Historia Conceptual<\/em><em>, <\/em>Universidad del Pa\u00eds Vasco, 2013;<em> <\/em><em>Coloquio Internacional El lenguaje pol\u00edtico m\u00e1s all\u00e1 de la pol\u00edtica. Hacia una historia de los conceptos sociales, culturales y jur\u00eddicos en los mundos ib\u00e9ricos, siglos XVIII-XX<\/em>, <em>Casa de Vel\u00e1zquez<\/em>, Madrid, 2016; <em>Jornadas sobre Historia Conceptual en Iberoam\u00e9rica: nuevas perspectivas, nuevos problemas<\/em>, San Mill\u00e1n de la Cogolla, La Rioja, 2016; <em>Congreso internacional Conceptos transatl\u00e1nticos. Nuevos retos y enfoques hist\u00f3ricos para Iberconceptos<\/em>, Cartagena (Colombia), 2017; <em>Seminario Internacional Historia Conceptual en Iberoam\u00e9rica. Problemas y l\u00edmites de la historia conceptual: tiempos, espacios, categor\u00edas, im\u00e1genes, inconceptualidad<\/em>, Cilengua y UPV, San Mill\u00e1n de la Cogolla, La Rioja, 2019; <em>Congreso Internacional Met\u00e1foras espacio-temporales para la historia<\/em>, UPV, Bilbao 2019; <em>Coloquio Internacional \u201cLa Historia Conceptual Hoy: Cruzar disciplinas, reinventar la pol\u00edtica\u201d<\/em>, Centro de Investigaciones de Historia Conceptual (UNSAM), Buenos Aires 2019; Panel <em>Metaf\u00f3ricas espaciotemporales para la historia<\/em> en el marco del ciclo de conversatorios CONCEPTA 2021 <em>Horizontes de la Historia Conceptual en Iberoam\u00e9rica<\/em>, Universidad Nacional de Colombia y Universidad de Los Andes, Bogot\u00e1, 2021. Tras el parate provocado por la pandemia, el equipo retom\u00f3 sus actividades en el Seminario Internacional <em>Pol\u00edtica, temporalidad y cambio social en Iberoam\u00e9rica (siglos XVIII-XXI)<\/em>, Instituto Ravignani (formato virtual), 2022 y en el Seminario presencial <em>A hist\u00f3ria conceitual e o problema da temporalidade. Iberoam\u00e9rica (s\u00e9cs. XVIII-XXI)<\/em>, PUC (R\u00edo de Janeiro), 2023. Desde 2023 comenz\u00f3 asimismo a mantener reuniones peri\u00f3dicas trimestrales en el Seminario virtual permanente <em>Historia y Temporalidad <\/em>con sede en el Instituto Ravignani (UBA &#8211; Conicet).<\/p>\n\n\n\n<p>Tal como se consigna a continuaci\u00f3n, una parte significativa de los avances y resultados presentados en esos y otros eventos fueron publicados como art\u00edculos en revistas especializadas, actas de congresos, libros y cap\u00edtulos de libros.<\/p>\n\n\n\n<p><strong>D. PUBLICACIONES<\/strong><\/p>\n\n\n\n<p>-Fabio Wasserman y Jo\u00e3o Paulo Pimenta (eds.), \u201cExperiencias de tiempo en los siglos XVIII y XIX iberoamericanos. Un abordaje desde la historia conceptual\u201d, <em>Almanack <\/em>10 (2015), pp. 233-366. https:\/\/www.scielo.br\/j\/alm\/i\/2015.n10\/<\/p>\n\n\n\n<p>-Javier Fern\u00e1ndez Sebasti\u00e1n and Fabio Wasserman (eds.), \u201cExperiences of Time in the Ibero-American World, Eighteenth and Nineteenth Centuries\u201d, <em>Contributions to the History of Concepts<\/em>, 11 (2), pp. 43-132. <a href=\"http:\/\/www.berghahnjournals.com\/view\/journals\/contributions\/11\/2\/contributions.11.issue-2.xml\">http:\/\/www.berghahnjournals.com\/view\/journals\/contributions\/11\/2\/contributions.11.issue-2.xml<\/a><\/p>\n\n\n\n<p>-Fabio Wasserman (ed.), <em>Tiempos cr\u00edticos. Historia, revoluci\u00f3n y temporalidad en el mundo iberoamericano (siglos XVIII y XIX)<\/em>, Buenos Aires, Prometeo, 2020, 370 pp. <a href=\"https:\/\/www.prometeoeditorial.com\/libro\/1174\/Tiempos-crticos\">https:\/\/www.prometeoeditorial.com\/libro\/1174\/Tiempos-crticos<\/a>&nbsp;<\/p>\n\n\n\n<p><strong>Participaci\u00f3n de miembros del equipo en publicaciones vinculadas a Iberconceptos<\/strong><\/p>\n\n\n\n<p><strong>-Javier Fern\u00e1ndez Sebasti\u00e1n y Gonzalo Capell\u00e1n (eds.), <em>Conceptos pol\u00edticos, tiempo e historia. Nuevos enfoques en historia conceptual<\/em>, Santander: McGraw Hill \u2013 Ediciones Universidad de Cantabria, 2013,<\/strong><strong><\/strong><\/p>\n\n\n\n<p><strong>-Javier Fern\u00e1ndez Sebasti\u00e1n y Cecilia Su\u00e1rez Cabal (eds.), <em>La subversi\u00f3n del orden por la palabra. Tiempo, espacio e identidad en la crisis del mundo ib\u00e9rico, siglos XVIII-XIX<\/em>, Bilbao, Servicio Editorial de la Universidad del Pa\u00eds Vasco\/EHU, 2015.<\/strong><strong><\/strong><\/p>\n\n\n\n<p><strong>-Faustino Oncina y Javier Fern\u00e1ndez Sebasti\u00e1n (eds.) <em>Metaf\u00f3ricas espacio-temporales para la historia. Enfoques filos\u00f3ficos e hist\u00f3ricos<\/em>, Valencia, Pre Textos, 2021. <\/strong><strong><\/strong><\/p>\n\n\n\n<p><strong>-Francisco A. Ortega, Rafael Acevedo, Pablo Casanova (eds.), <em>Horizontes de la historia conceptual en Iberoam\u00e9rica. Trayectorias e incursiones<\/em>, Bogot\u00e1, Universidad Nacional de Colombia y Genueve Ediciones, 2021.<\/strong><strong><\/strong><\/p>\n\n\n\n<p><strong>E. MIEMBROS DEL GRUPO<\/strong><strong><\/strong><\/p>\n\n\n\n<p>El grupo fue concebido como un espacio de discusi\u00f3n y de producci\u00f3n, pero tambi\u00e9n como una instancia de formaci\u00f3n. Es por ello que est\u00e1 integrado tanto por investigadores formados, como por estudiantes y graduados que est\u00e1n comenzando sus estudios de posgrado.<\/p>\n\n\n\n<p>Samantha Ar\u00e9valo Castro (Facultad de Ciencias Pol\u00edticas y Sociales &#8211; UNAM)<\/p>\n\n\n\n<p><a href=\"mailto:arevalocastro.samanthacch@gmail.com\">arevalocastro.samanthacch@gmail.com<\/a>&nbsp;<\/p>\n\n\n\n<p>Daniel Barrag\u00e1n&nbsp;(El Colegio de M\u00e9xico)<\/p>\n\n\n\n<p><a href=\"mailto:dmedel@colmex.mx\">dmedel@colmex.mx<\/a><\/p>\n\n\n\n\n\n<figure class=\"wp-block-embed\"><div class=\"wp-block-embed__wrapper\">\nhttps:\/\/colmex.academia.edu\/DanielBarrag%C3%A1n\n<\/div><\/figure>\n\n\n\n<p>Laura Alejandra Buenaventura Gomez (Universidad Nacional de Colombia)<\/p>\n\n\n\n<p><a href=\"mailto:lbuenaventura@unal.edu.co\">lbuenaventura@unal.edu.co<\/a>&nbsp;<\/p>\n\n\n\n<p>Gabriel Cid (Universidad San Sebasti\u00e1n, Chile)<\/p>\n\n\n\n<p><a href=\"mailto:gabriel.cid@uss.cl\">gabriel.cid@uss.cl<\/a>&nbsp;&nbsp;<\/p>\n\n\n\n<figure class=\"wp-block-embed\"><div class=\"wp-block-embed__wrapper\">\nhttps:\/\/uss.academia.edu\/GabrielCid\n<\/div><\/figure>\n\n\n\n<figure class=\"wp-block-embed\"><div class=\"wp-block-embed__wrapper\">\nhttps:\/\/scholar.google.es\/citations?user=9u_oM64AAAAJ&#038;hl=es\n<\/div><\/figure>\n\n\n\n<p>Christian Edward Cyril Lynch (Instituto de Estudos Sociais e Pol\u00edticos da Universidade do Estado do Rio de Janeiro)<\/p>\n\n\n\n<p><a href=\"mailto:clynch@iesp.uerj.br\">clynch@iesp.uerj.br<\/a><\/p>\n\n\n\n<p>Alexander Chaparro Silva (The University of Texas at Austin)<\/p>\n\n\n\n<p><a href=\"mailto:alexander.chaparro@utexas.edu\">alexander.chaparro@utexas.edu<\/a>&nbsp;<\/p>\n\n\n\n<figure class=\"wp-block-embed\"><div class=\"wp-block-embed__wrapper\">\nhttps:\/\/utexas.academia.edu\/AlexanderChaparroSilva\n<\/div><\/figure>\n\n\n\n<p>Renata dal Sasso Freitas <a href=\"mailto:(renatadsf@gmail.com)\">(Universidade Federal do Pampa)<\/a><\/p>\n\n\n\n<p><a href=\"mailto:renatadsf@gmail.com\">renatadsf@gmail.com<\/a><\/p>\n\n\n\n<p>Rafael Fanni (Universidad de S\u00e3o Paulo \u2013 USP)<\/p>\n\n\n\n<p><a href=\"mailto:rafaelfanni@gmail.com\">rafaelfanni@gmail.com<\/a><\/p>\n\n\n\n<figure class=\"wp-block-embed\"><div class=\"wp-block-embed__wrapper\">\nhttps:\/\/usp-br.academia.edu\/RafaelFanni\n<\/div><\/figure>\n\n\n\n<p>Javier Fern\u00e1ndez Sebasti\u00e1n (Universidad del Pa\u00eds Vasco \u2013 Bilbao)<\/p>\n\n\n\n<p><a href=\"mailto:javier.f.sebastian@telefonica.net\">javier.f.sebastian@telefonica.net<\/a>&nbsp;&nbsp;<\/p>\n\n\n\n<p><a href=\"http:\/\/www.javierfsebastian.es\/\">www.javierfsebastian.es\/<\/a><\/p>\n\n\n\n<figure class=\"wp-block-embed\"><div class=\"wp-block-embed__wrapper\">\nhttps:\/\/ehu.academia.edu\/JavierFernandezSebastian\n<\/div><\/figure>\n\n\n\n<p>Mariana Ferraz Paulino (Universidad de S\u00e3o Paulo \u2013 USP)&nbsp;M<a href=\"mailto:marianaferrazpaulino@gmail.com\">arianaferrazpaulino@gmail.com<\/a><\/p>\n\n\n\n<p>Thom\u00e1z Fortunato (Universidad de S\u00e3o Paulo \u2013 USP)<\/p>\n\n\n\n<p><a href=\"mailto:thomaz.fortunato@gmail.com\">thomaz.fortunato@gmail.com<\/a><\/p>\n\n\n\n<p><a href=\"http:\/\/lattes.cnpq.br\/1377025514982372\">http:\/\/lattes.cnpq.br\/1377025514982372<\/a><\/p>\n\n\n\n<p>Jo\u00e3o Paulo Garrido Pimenta (Universidad de S\u00e3o Paulo \u2013 USP)<\/p>\n\n\n\n<p><a href=\"mailto:jgarrido.pimenta@gmail.com\">jgarrido.pimenta@gmail.com<\/a>&nbsp;<\/p>\n\n\n\n<figure class=\"wp-block-embed\"><div class=\"wp-block-embed__wrapper\">\nhttps:\/\/usp-br.academia.edu\/Jo%C3%A3oPauloPimenta\n<\/div><\/figure>\n\n\n\n<p>Gloria Maritza G\u00f3mez Revuelta (Colegio de M\u00e9xico)<\/p>\n\n\n\n<p><a href=\"mailto:ggomez@colmex.mx\">ggomez@colmex.mx<\/a><\/p>\n\n\n\n<p>Daniel Hern\u00e1ndez Qui\u00f1ones (Zentralinstitut f\u00fcr Lateinamerikastudien ZILAS \u2013 Katholische Universit\u00e4t Eichst\u00e4tt-Ingolstadt)<\/p>\n\n\n\n<p><a href=\"mailto:hernandez9412daniel@gmail.com\">hernandez9412daniel@gmail.com<\/a><\/p>\n\n\n\n<p>Miguel Hern\u00e1ndez Fuentes (Universidad de Guanajuato)<\/p>\n\n\n\n<p><a href=\"mailto:hefm.101@gmail.com\">hefm.101@gmail.com<\/a><\/p>\n\n\n\n<p>Miriam Hern\u00e1ndez Reyna (Centre d\u2019histoire sociale des mondes contemporains Universit\u00e9 Paris 1 Panth\u00e9on-Sorbonne\/CNRS)<\/p>\n\n\n\n<p><a href=\"mailto:myryam.hr@gmail.com\">myryam.hr@gmail.com<\/a><\/p>\n\n\n\n<figure class=\"wp-block-embed\"><div class=\"wp-block-embed__wrapper\">\nhttps:\/\/cnrs.academia.edu\/MiriamHERNANDEZREYNA\n<\/div><\/figure>\n\n\n\n<p>Andres Jimenez Angel (Universidad del Rosario, Colombia)<\/p>\n\n\n\n<p><a href=\"mailto:andres.jimeneza@urosario.edu.co\" target=\"_blank\" rel=\"noreferrer noopener\">andres.jimeneza@urosario.edu.co<\/a><\/p>\n\n\n\n<p>Fernanda Ol\u00edvia L\u00e1zaro Carvalho (Universidad Federal Fluminense, Niteroi, Rio de Janeiro)<\/p>\n\n\n\n<p><a href=\"mailto:fernandalazaro@id.uff.br\">fernandalazaro@id.uff.br<\/a>&nbsp;<\/p>\n\n\n\n<p>Francine IegeIski (Universidad Federal Fluminense, Niteroi, Rio de Janeiro)<\/p>\n\n\n\n<p><a href=\"mailto:francineiegelski@hotmail.com\">francineiegelski@hotmail.com<\/a><\/p>\n\n\n\n<p><a href=\"https:\/\/epistasthaigrupo.wixsite.com\/epistasthai\">https:\/\/epistasthaigrupo.wixsite.com\/epistasthai<\/a>&nbsp;&nbsp;&nbsp;&nbsp; <a href=\"https:\/\/www.observatoriotempopresente.com.br\/\">https:\/\/www.observatoriotempopresente.com.br\/<\/a>&nbsp;&nbsp; <a href=\"https:\/\/uff.academia.edu\/FrancineIegelski\">https:\/\/uff.academia.edu\/FrancineIegelski<\/a><\/p>\n\n\n\n<p>Leidy Carolina Navarro Antolinez (Universidad Nacional de Colombia)<\/p>\n\n\n\n<p><a href=\"mailto:lcnavarroa@unal.edu.co\">lcnavarroa@unal.edu.co<\/a><\/p>\n\n\n\n<p>Maria Elisa Noronha de S\u00e1 (Pontif\u00edcia Universidade Cat\u00f3lica do Rio de Janeiro)<\/p>\n\n\n\n<p><a href=\"mailto:maisa@puc-rio.br\">maisa@puc-rio.br<\/a><\/p>\n\n\n\n<figure class=\"wp-block-embed\"><div class=\"wp-block-embed__wrapper\">\nhttps:\/\/wwws.cnpq.br\/cvlattesweb\/PKG_MENU.menu?f_cod=273FF03B9341437F02699AC02F89D092#\n<\/div><\/figure>\n\n\n\n<p>Francisco A. Ortega (Universidad Nacional de Colombia)<\/p>\n\n\n\n<p><a href=\"mailto:fortega@unal.edu.co\">fortega@unal.edu.co<\/a><\/p>\n\n\n\n<figure class=\"wp-block-embed\"><div class=\"wp-block-embed__wrapper\">\nhttps:\/\/unal.academia.edu\/FranciscoAOrtega\n<\/div><\/figure>\n\n\n\n<figure class=\"wp-block-embed\"><div class=\"wp-block-embed__wrapper\">\nhttps:\/\/www.humanas.unal.edu.co\/2017\/docentes\/francisco-alberto-ortega-martinez\/perfil\n<\/div><\/figure>\n\n\n\n<p>Paulo Henrique Paschoeto Cassimiro (Universidade do Estado do Rio de Janeiro)&nbsp;<\/p>\n\n\n\n<p><a href=\"mailto:phpcassimiro@gmail.com\">phpcassimiro@gmail.com<\/a><\/p>\n\n\n\n<p>Cesar Nicolas Pena Aragon (Universidad Nacional de Colombia)<\/p>\n\n\n\n<p><a href=\"mailto:cnpenaa@unal.edu.co\">cnpenaa@unal.edu.co<\/a><\/p>\n\n\n\n<p>Jeimy Paola Prieto Mejia (CIALC- UNAM)<\/p>\n\n\n\n<p><a href=\"mailto:jepprietome@unal.edu.co\">jepprietome@unal.edu.co<\/a><\/p>\n\n\n\n<p>Luisa Rauter Pereira (Universidade Federal de Ouro Preto)<\/p>\n\n\n\n<p><a href=\"mailto:lurauterp@gmail.com\">lurauterp@gmail.com<\/a><\/p>\n\n\n\n<p>V\u00edctor Samuel Rivera (Universidad Nacional Mayor de San Marcos)<\/p>\n\n\n\n<p><a href=\"mailto:victorsamrivera@gmail.com\">victorsamrivera@gmail.com<\/a><\/p>\n\n\n\n<p>Pablo S\u00e1nchez Le\u00f3n (Centro de Humanidades Universidade NOVA de Lisboa)<\/p>\n\n\n\n<p><a href=\"mailto:psleon@fcsh.unl.pt\">psleon@fcsh.unl.pt<\/a> &nbsp;<\/p>\n\n\n\n<p>Sarah Tortora (Universidad de S\u00e3o Paulo \u2013 USP)<\/p>\n\n\n\n<p><a href=\"mailto:sarahnrtortora@hotmail.com\">sarahnrtortora@hotmail.com<\/a><\/p>\n\n\n\n<p>Fabio Wasserman (Instituto Ravignani. Conicet \u2013 Universidad de Buenos Aires)<\/p>\n\n\n\n<p><a href=\"mailto:fwasserm@gmail.com\">fwasserm@gmail.com<\/a><\/p>\n\n\n\n<p>Eduardo Wright Cardoso (Pontif\u00edcia Universidade Cat\u00f3lica do Rio de Janeiro)<\/p>\n\n\n\n<p><a href=\"mailto:ecardoso@puc-rio.br\">ecardoso@puc-rio.br<\/a><\/p>\n\n\n\n<p>Guillermo Zerme\u00f1o Padilla (El Colegio de M\u00e9xico)<\/p>\n\n\n\n<p><a href=\"mailto:gmoz@colmex.mx\">gmoz@colmex.mx<\/a><\/p>\n\n\n\n<p>Mariana Ang\u00e9lica Perry Faure&nbsp;(Universidad San Sebasti\u00e1n, Chile)&nbsp;<\/p>\n\n\n\n<p><a href=\"mailto:mariana.perry@uss.cl\">mariana.perry@uss.cl<\/a><\/p>\n\n\n\n<p><a href=\"https:\/\/researchers.uss.cl\/es\/persons\/mariana-angelica-perry-faure\">https:\/\/researchers.uss.cl\/es\/persons\/mariana-angelica-perry-faure<\/a><\/p>\n\n\n\n<p>Gabriel P\u00e1ez Debia (Pontificia Universidad Cat\u00f3lica de Valpara\u00edso)<br><a href=\"mailto:gpaezdebia@gmail.com\" target=\"_blank\" rel=\"noreferrer noopener\">gpaezdebia@gmail.com<\/a>&nbsp;<br>Gabriela Maia&nbsp;(Universidade Federal de S\u00e3o Jo\u00e3o del-Rei)<br><a href=\"mailto:maiagabriela897@gmail.com\" target=\"_blank\" rel=\"noreferrer noopener\">maiagabriela897@gmail.com<\/a><br>Tomas Ignacio Pino&nbsp;(Universidad de Wisconsin-Madison)<br><a href=\"mailto:tpino@wisc.edu\" target=\"_blank\" rel=\"noreferrer noopener\">tpino@wisc.edu<\/a><br>Daniel&nbsp;Ovalle&nbsp;(Universidad Adolfo Ib\u00e1\u00f1ez)<br><a href=\"mailto:%3Covalle.daniel@gmail.com%3E\" target=\"_blank\" rel=\"noreferrer noopener\"><u>ovalle.daniel@gmail.com<\/u><\/a><\/p>\n\n\n","protected":false},"excerpt":{"rendered":"<p>Coordinador: Fabio Wasserman (Instituto Ravignani. Universidad de Buenos Aires \u2013 Conicet) Email: fwasserm@gmail.com B. DESCRIPCI\u00d3N DEL GRUPO La temporalidad ocupa un lugar cada vez m\u00e1s importante en la agenda de las ciencias humanas y sociales. Esto se puede apreciar en las numerosas publicaciones recientes sobre&nbsp;<a class=\"read-more\" href=\"https:\/\/iberconceptos.es\/?page_id=62\">&hellip;<\/a><\/p>\n","protected":false},"author":1,"featured_media":0,"parent":0,"menu_order":0,"comment_status":"closed","ping_status":"closed","template":"","meta":{"saved_in_kubio":true,"footnotes":""},"class_list":["post-62","page","type-page","status-publish","hentry"],"kubio_ai_page_context":{"short_desc":"","purpose":"general"},"_links":{"self":[{"href":"https:\/\/iberconceptos.es\/index.php?rest_route=\/wp\/v2\/pages\/62","targetHints":{"allow":["GET"]}}],"collection":[{"href":"https:\/\/iberconceptos.es\/index.php?rest_route=\/wp\/v2\/pages"}],"about":[{"href":"https:\/\/iberconceptos.es\/index.php?rest_route=\/wp\/v2\/types\/page"}],"author":[{"embeddable":true,"href":"https:\/\/iberconceptos.es\/index.php?rest_route=\/wp\/v2\/users\/1"}],"replies":[{"embeddable":true,"href":"https:\/\/iberconceptos.es\/index.php?rest_route=%2Fwp%2Fv2%2Fcomments&post=62"}],"version-history":[{"count":16,"href":"https:\/\/iberconceptos.es\/index.php?rest_route=\/wp\/v2\/pages\/62\/revisions"}],"predecessor-version":[{"id":706,"href":"https:\/\/iberconceptos.es\/index.php?rest_route=\/wp\/v2\/pages\/62\/revisions\/706"}],"wp:attachment":[{"href":"https:\/\/iberconceptos.es\/index.php?rest_route=%2Fwp%2Fv2%2Fmedia&parent=62"}],"curies":[{"name":"wp","href":"https:\/\/api.w.org\/{rel}","templated":true}]}}